{"id":381,"date":"2013-07-06T16:15:53","date_gmt":"2013-07-06T14:15:53","guid":{"rendered":"http:\/\/hemeln.square7.ch\/?page_id=381"},"modified":"2025-12-30T14:58:49","modified_gmt":"2025-12-30T12:58:49","slug":"historie-2-fusball","status":"publish","type":"page","link":"https:\/\/tsv-jahn-hemeln.de\/?page_id=381","title":{"rendered":"Historie"},"content":{"rendered":"<p style=\"text-align: center;\"><strong>Historie des Fussballs beim TSV Jahn Hemeln<\/strong><\/p>\n<p style=\"text-align: center;\"><span style=\"font-size: 14pt;\"><strong>\u00a0<\/strong><\/span><\/p>\n<p style=\"text-align: center;\"><span style=\"font-size: 14pt;\"><strong><a href=\"http:\/\/www.tsv-jahn-hemeln.de\/wp-content\/uploads\/2013\/07\/CHRONIK-der-Fu\u00dfballsparte-2013.pdf\"><span style=\"font-size: 18pt; font-family: 'trebuchet ms', geneva, sans-serif;\">Chronik<\/span> der Fu\u00dfballsparte ( Stand: Juli 2013 )<\/a><\/strong><\/span><\/p>\n<p style=\"text-align: center;\">\n<p style=\"text-align: center;\"><strong><a href=\"http:\/\/www.tsv-jahn-hemeln.de\/wp-content\/uploads\/2025\/06\/Funktionaere-Fussball-Historie.pdf\"><span style=\"font-size: 18pt; font-family: 'trebuchet ms', geneva, sans-serif;\">Funktion\u00e4re Fu\u00dfball &#8211; Historie<\/span><\/a><\/strong><\/p>\n<p style=\"text-align: center;\"><span style=\"font-size: 14pt;\"><strong><a href=\"http:\/\/www.tsv-jahn-hemeln.de\/wp-content\/uploads\/2013\/07\/Gruendungsunterlagen.pdf\" target=\"_blank\" rel=\"noopener\"><span style=\"font-family: 'trebuchet ms', geneva, sans-serif; font-size: 18pt;\">Gr\u00fcndungsunterlagen 1950 \/ <\/span>1977<\/a><\/strong><\/span><\/p>\n<p style=\"text-align: center;\">\n<p style=\"text-align: center;\"><span style=\"font-size: 18pt; font-family: 'trebuchet ms', geneva, sans-serif;\"><strong><a href=\"http:\/\/www.tsv-jahn-hemeln.de\/wp-content\/uploads\/2025\/06\/Schiedsrichter-Fussball-Historie.pdf\">Schiedsrichter Fu\u00dfball &#8211; Historie<\/a><\/strong><\/span><\/p>\n<p style=\"text-align: center;\">\n<p style=\"text-align: center;\"><span style=\"font-size: 14pt;\"><strong><a href=\"http:\/\/www.tsv-jahn-hemeln.de\/wp-content\/uploads\/2025\/09\/Anzahl-TSV-Rekordspieler-bis-Juli-2025.pdf\">TSV Rekord<span style=\"font-family: 'trebuchet ms', geneva, sans-serif; font-size: 18pt;\">spieler bis Juli 2025<\/span><\/a><\/strong><\/span><\/p>\n<p style=\"text-align: center;\">\n<p style=\"text-align: center;\"><span style=\"font-size: 14pt;\"><strong><a href=\"http:\/\/www.tsv-jahn-hemeln.de\/wp-content\/uploads\/2013\/07\/Treuepokal-mit-Ehrenurkunde.pdf\">Tre<span style=\"font-family: 'trebuchet ms', geneva, sans-serif; font-size: 18pt;\">uepokal mit Ehrenurkunde<\/span><\/a><\/strong><\/span><\/p>\n","protected":false},"excerpt":{"rendered":"<p>Historie des Fussballs beim TSV Jahn Hemeln \u00a0 Chronik der Fu\u00dfballsparte ( Stand: Juli 2013 ) Funktion\u00e4re Fu\u00dfball &#8211; Historie Gr\u00fcndungsunterlagen 1950 \/ 1977 Schiedsrichter Fu\u00dfball &#8211; Historie TSV Rekordspieler bis Juli 2025 Treuepokal mit Ehrenurkunde<\/p>\n","protected":false},"author":1,"featured_media":0,"parent":0,"menu_order":0,"comment_status":"closed","ping_status":"closed","template":"","meta":[],"_links":{"self":[{"href":"https:\/\/tsv-jahn-hemeln.de\/index.php?rest_route=\/wp\/v2\/pages\/381"}],"collection":[{"href":"https:\/\/tsv-jahn-hemeln.de\/index.php?rest_route=\/wp\/v2\/pages"}],"about":[{"href":"https:\/\/tsv-jahn-hemeln.de\/index.php?rest_route=\/wp\/v2\/types\/page"}],"author":[{"embeddable":true,"href":"https:\/\/tsv-jahn-hemeln.de\/index.php?rest_route=\/wp\/v2\/users\/1"}],"replies":[{"embeddable":true,"href":"https:\/\/tsv-jahn-hemeln.de\/index.php?rest_route=%2Fwp%2Fv2%2Fcomments&post=381"}],"version-history":[{"count":26,"href":"https:\/\/tsv-jahn-hemeln.de\/index.php?rest_route=\/wp\/v2\/pages\/381\/revisions"}],"predecessor-version":[{"id":3816,"href":"https:\/\/tsv-jahn-hemeln.de\/index.php?rest_route=\/wp\/v2\/pages\/381\/revisions\/3816"}],"wp:attachment":[{"href":"https:\/\/tsv-jahn-hemeln.de\/index.php?rest_route=%2Fwp%2Fv2%2Fmedia&parent=381"}],"curies":[{"name":"wp","href":"https:\/\/api.w.org\/{rel}","templated":true}]}}