{"id":340,"date":"2013-07-06T15:32:53","date_gmt":"2013-07-06T13:32:53","guid":{"rendered":"http:\/\/hemeln.square7.ch\/?page_id=340"},"modified":"2026-04-18T00:05:12","modified_gmt":"2026-04-17T22:05:12","slug":"spielstatisik-1-mannschaft","status":"publish","type":"page","link":"https:\/\/tsv-jahn-hemeln.de\/?page_id=340","title":{"rendered":"Spielstatistik 1.Mannschaft"},"content":{"rendered":"<p><span style=\"font-size: 14pt; font-family: trebuchet ms, geneva, sans-serif;\">TESTSPIEL:<\/span><br \/><span style=\"font-size: 14pt;\"><strong><span style=\"font-family: trebuchet ms,geneva;\">22.07.2025<\/span><\/strong><\/span><\/p>\n<p><span style=\"font-size: 18pt;\"><strong><span style=\"font-family: trebuchet ms,geneva;\"><span style=\"color: #008000;\">FC Hebenshausen\u00a0 &#8211;\u00a0 TSV Jahn Hemeln <\/span>\u00a0 \u00a0 \u00a02 : 3\u00a0 <span style=\"font-size: 14pt;\">(1:0)<\/span><\/span><\/strong><\/span><\/p>\n<p><span style=\"font-family: trebuchet ms,geneva; font-size: 14pt;\">C.Stolle &#8211; Leon Baake, T.Rudolph (T.Wallbach, 46.), H.Brossok, (T.Rudolph, 60.), N.Krumsiek (C.K\u00fchne, 61.), N.Br\u00fcller, J.Neumann, D.Schiller, J.Spyra, Tim Beuermann, T.H\u00fcther<\/span><\/p>\n<p><span style=\"font-family: trebuchet ms,geneva; font-size: 14pt;\"><span style=\"font-size: 14pt; font-family: trebuchet ms, geneva, sans-serif;\">1 : 0 (44.),\u00a0 2 : 0 (55.),\u00a0 2 : 1 (70.) T.H\u00fcther,\u00a0 2 : 2 (83.) T.Beuermann, FE,\u00a0 2 : 3 (90.) T.Beuermann, FE<\/span><\/span><\/p>\n<p><span style=\"font-family: trebuchet ms,geneva; font-size: 14pt;\"><em><span style=\"text-decoration: underline;\">Bes.V.:<\/span><\/em>\u00a0 \u00a0 \u00a0 \u00a0 \u00a0 \u00a0 \u00a0 \u00a0 \u00a0keine!<\/span><\/p>\n<p>\u00a0<\/p>\n<p><span style=\"font-family: trebuchet ms, geneva, sans-serif; font-size: 14pt;\">TESTSPIEL:<\/span><br \/><span style=\"font-size: 14pt;\"><strong><span style=\"font-family: trebuchet ms,geneva;\">27.07.2025<\/span><\/strong><\/span><\/p>\n<p><span style=\"font-size: 18pt;\"><strong><span style=\"font-family: trebuchet ms,geneva;\"><span style=\"color: #008000;\">TSV Jahn Hemeln\u00a0 &#8211;\u00a0 SV Mariendorf <\/span>\u00a0 \u00a0 \u00a04 : 6\u00a0 <span style=\"font-size: 14pt;\">(1:4)<\/span><\/span><\/strong><\/span><\/p>\n<p><span style=\"font-family: trebuchet ms,geneva; font-size: 14pt;\">M.Franke &#8211; T.Rudolph (F.Ippensen, 13.), T.Wallbach (M.Yazici, 60.), N.Krumsiek, T.Dietrich, D.Schiller, J.Neumann (F.Holzkamp, 81.), N.Br\u00fcller (D.Weidner, 60.), J.Spyra, T.H\u00fcther, T.K\u00fchne<\/span><\/p>\n<p><span style=\"font-family: trebuchet ms,geneva; font-size: 14pt;\"><span style=\"font-size: 14pt; font-family: trebuchet ms, geneva, sans-serif;\">0 : 1 (4.),\u00a0 0 : 2 (23.),\u00a0 0 : 3 (26.),\u00a0 0 : 4 (30.),\u00a0 1 : 4 (35.) J.Spyra,\u00a0 1 : 5 (47.),\u00a0 2 : 5 (53.) J.Spyra,\u00a0 3 : 5 (54.) J.Spyra,\u00a0 4 : 5 (78.) T.H\u00fcther, FE,\u00a0 4 : 6 (81.) ET<\/span><\/span><\/p>\n<p><span style=\"font-family: trebuchet ms,geneva; font-size: 14pt;\"><em><span style=\"text-decoration: underline;\">Bes.V.:<\/span><\/em>\u00a0 \u00a0 \u00a0 \u00a0 \u00a0 \u00a0 \u00a0 \u00a0\u00a0 keine!<\/span><\/p>\n<p>\u00a0<\/p>\n<p><span style=\"font-family: trebuchet ms, geneva, sans-serif; font-size: 14pt;\">TESTSPIEL:<\/span><br \/><span style=\"font-family: trebuchet ms, geneva, sans-serif; font-size: 14pt;\"><strong>31.07.2025<\/strong><\/span><\/p>\n<p><span style=\"font-family: trebuchet ms, geneva, sans-serif; font-size: 14pt;\"><strong><span style=\"font-size: 18pt;\"><span style=\"color: #008000;\">TSV Jahn Hemeln\u00a0 &#8211;\u00a0 SG Landwehrh.\/Benterode II <\/span>\u00a0 \u00a0 \u00a07 : 0<\/span>\u00a0 (5:0)<\/strong><\/span><\/p>\n<p><span style=\"font-family: trebuchet ms, geneva, sans-serif; font-size: 14pt;\">C.Stolle &#8211; Leon Baake, D.Milek, N.Krumsiek (W.Wenzel 22.), T.Dietrich, D.Schiller, B.Ludewig (N.Br\u00fcller, 46.), T.Schnabl, J.Spyra, T.Beuermann (J.Neumann, 46.), T.H\u00fcther<\/span><\/p>\n<p><span style=\"font-family: trebuchet ms, geneva, sans-serif; font-size: 14pt;\">1 : 0 (15.) B.Ludewig,\u00a0 2 : 0 (18.) Tim Beuermann,\u00a0 3 : 0 (20.) Tim Beuermann,\u00a0 4 : 0 (22.) T.Schnabl,\u00a0 5 : 0 (35.) T.H\u00fcther,\u00a0 6 : 0 (65.) T.Dietrich,\u00a0 7 : 0 (75.) J.Spyra<\/span><\/p>\n<p><span style=\"font-family: trebuchet ms, geneva, sans-serif; font-size: 14pt;\"><em>Bes.V.:<\/em>\u00a0 \u00a0 \u00a0 \u00a0 \u00a0 \u00a0 \u00a0 \u00a0 \u00a0keine!<br \/><\/span><\/p>\n<p>\u00a0<\/p>\n<p><span style=\"font-size: 14pt; font-family: trebuchet ms, geneva, sans-serif;\">1.SPIELTAG:<\/span><br \/><strong><span style=\"font-size: 14pt; font-family: trebuchet ms, geneva, sans-serif;\">15.08.2025<\/span><\/strong><\/p>\n<p><span style=\"font-size: 14pt; font-family: trebuchet ms, geneva, sans-serif;\"><strong><span style=\"font-size: 18pt;\"><span style=\"color: #008000;\">TSV Jahn Hemeln\u00a0 &#8211;\u00a0 SG Hoher Hagen<\/span>\u00a0 \u00a0 \u00a0 2 : 4<\/span>\u00a0 (1:1)<\/strong><\/span><\/p>\n<p><span style=\"font-size: 14pt; font-family: trebuchet ms, geneva, sans-serif;\">C.K\u00fchne &#8211; Leon Baake, N.Krumsiek, Louis Baake, M.Franke, T.Schnabl, D.Schiller (S.Wenzel, 71.), J.Spyra (N.Wenzel, 51.), Tim Beuermann, W.Wenzel, T.H\u00fcther<\/span><br \/><span style=\"font-size: 14pt; font-family: trebuchet ms, geneva, sans-serif;\">(Tom Beuermann, T.K\u00fchne, D.Milek)<\/span><\/p>\n<p><span style=\"font-size: 14pt; font-family: trebuchet ms, geneva, sans-serif;\">0 : 1 (13.),\u00a0 1 : 1 (39.) T.Schnabl,\u00a0 1 : 2 (57.),\u00a0 2 : 2 (58.) T.H\u00fcther,\u00a0 2 : 3 (62.),\u00a0 2 : 4 (88.)<\/span><\/p>\n<p><span style=\"font-family: trebuchet ms, geneva, sans-serif; font-size: 14pt;\">Bes.V.:\u00a0 \u00a0 \u00a0 \u00a0 \u00a0 \u00a0 \u00a0 \u00a0 \u00a0keine!<\/span><\/p>\n<p>\u00a0<\/p>\n<p><span style=\"font-family: trebuchet ms, geneva, sans-serif;\"><span style=\"font-size: 14pt;\">2.SPIELTAG:<\/span><\/span><br \/><span style=\"font-family: trebuchet ms, geneva, sans-serif;\"><strong><span style=\"font-size: 14pt;\">24.08.2025<\/span><\/strong><\/span><\/p>\n<p><span style=\"font-size: 14pt; font-family: trebuchet ms, geneva, sans-serif;\"><strong><span style=\"font-size: 18pt;\"><span style=\"color: #008000;\">TSV Jahn Hemeln\u00a0 &#8211;\u00a0 SVG G\u00f6ttingen U23<\/span>\u00a0 \u00a0 \u00a0 \u00a02 : 3<\/span><\/strong>\u00a0 (1:2)<\/span><\/p>\n<p><span style=\"font-family: trebuchet ms, geneva, sans-serif; font-size: 14pt;\">C.Stolle &#8211; Leon Baake, N.Krumsiek (T.Rudolph, 46.), Louis Baake, D.Schiller (C.K\u00fchne, 83.), T.Dietrich, J.Spyra, Tim Beuermann, W.Wenzel (Tom Beuermann, 83.), T.H\u00fcther, S.Wenzel<\/span><\/p>\n<p><span style=\"font-size: 14pt; font-family: trebuchet ms, geneva, sans-serif;\">0 : 1 (3.),\u00a0 1 : 1 (26.) Tim Beuermann,\u00a0 1 : 2 (44.),\u00a0 1 : 3 (67.),\u00a0 2 : 3 (79.) S.Wenzel<\/span><\/p>\n<p><span style=\"font-family: trebuchet ms, geneva, sans-serif; font-size: 14pt;\">Bes.V.:\u00a0 \u00a0 \u00a0 \u00a0 \u00a0 \u00a0 \u00a0 \u00a0 \u00a0Rote Karte SVG (82.)<\/span><\/p>\n<p>\u00a0<\/p>\n<p><span style=\"font-size: 14pt; font-family: trebuchet ms, geneva, sans-serif;\">3.SPIELTAG:<\/span><br \/><span style=\"font-size: 14pt; font-family: trebuchet ms, geneva, sans-serif;\"><strong>29.08.2025<\/strong><\/span><\/p>\n<p><span style=\"font-family: trebuchet ms, geneva, sans-serif; font-size: 14pt;\"><strong><span style=\"font-size: 18pt;\"><span style=\"color: #008000;\">FC Gleichen II\u00a0 &#8211;\u00a0 TSV Jahn Hemeln<\/span>\u00a0 \u00a0 \u00a0 5 : 2<\/span>\u00a0 (2:1)<\/strong><\/span><\/p>\n<p><span style=\"font-family: trebuchet ms, geneva, sans-serif; font-size: 14pt;\">C.Stolle &#8211; Leon Baake (T.Schnabl, 27.), C.K\u00fchne, Louis Baake, D.Schiller, T.Dietrich (Tom Beuermann, 46.) (M.Franke, 75.), Tim Beuermann, J.Spyra, W.Wenzel, T.H\u00fcther, S.Wenzel<\/span><\/p>\n<p><span style=\"font-family: trebuchet ms, geneva, sans-serif; font-size: 14pt;\">1 : 0 (16.) FE,\u00a0 1 : 1 (21.) W.Wenzel,\u00a0 2 : 1 (35.),\u00a0 3 : 1 (47.),\u00a0 3 : 2 (35.) Tim Beuermann, FE,\u00a0 4 : 2 (74.),\u00a0 5 : 2 (87.)<\/span><\/p>\n<p><span style=\"font-family: trebuchet ms, geneva, sans-serif; font-size: 14pt;\"><em>Bes.V.:<\/em>\u00a0 \u00a0 \u00a0 \u00a0 \u00a0 \u00a0 \u00a0 \u00a0 \u00a0keine!<\/span><\/p>\n<p>\u00a0<\/p>\n<p><span style=\"font-size: 14pt; font-family: trebuchet ms, geneva, sans-serif;\">4.SPIELTAG<\/span><br \/><strong><span style=\"font-size: 14pt; font-family: trebuchet ms, geneva, sans-serif;\">07.09.2025<\/span><\/strong><\/p>\n<p><strong><span style=\"font-family: trebuchet ms, geneva, sans-serif; font-size: 14pt;\"><span style=\"font-size: 18pt;\"><span style=\"color: #008000;\">TSV Jahn Hemeln\u00a0 &#8211;\u00a0 FC Lindenberg-Adelebsen\u00a0 \u00a0<\/span> \u00a0 1 : 3<\/span>\u00a0 (1:1)<\/span><\/strong><\/p>\n<p><span style=\"font-family: trebuchet ms, geneva, sans-serif; font-size: 14pt;\">Y.Baake &#8211; T.Schnabl, C.K\u00fchne (F.Ippensen, 76.), Louis Baake, D.Schiller, Tim Beuermann, J.Spyra, W.Wenzel (Tom Beuermann, 76.), T.H\u00fcther (T.K\u00fchne, 84.), N.Wenzel, S.Wenzel<\/span><br \/><span style=\"font-family: trebuchet ms, geneva, sans-serif; font-size: 14pt;\">(B.Dunkel)<\/span><\/p>\n<p><span style=\"font-family: trebuchet ms, geneva, sans-serif; font-size: 14pt;\">0 : 1 (26.),\u00a0 1 : 1 (38.) S.Wenzel,\u00a0 1 : 2 (66.),\u00a0 1 : 3 (82.)<\/span><\/p>\n<p><span style=\"font-family: trebuchet ms, geneva, sans-serif; font-size: 14pt;\"><em>Bes.V.:\u00a0<\/em> \u00a0 \u00a0 \u00a0 \u00a0 \u00a0 \u00a0 \u00a0 \u00a0keine!<\/span><\/p>\n<p>\u00a0<\/p>\n<p><span style=\"font-size: 14pt; font-family: trebuchet ms, geneva, sans-serif;\">5.SPIELTAG<\/span><br \/><span style=\"font-size: 14pt; font-family: trebuchet ms, geneva, sans-serif;\"><strong>21.09.2025<\/strong><\/span><\/p>\n<p><span style=\"font-size: 14pt; font-family: trebuchet ms, geneva, sans-serif;\"><strong><span style=\"font-size: 18pt;\"><span style=\"color: #008000;\">TSV Jahn Hemeln\u00a0 &#8211;\u00a0 SG Werratal II\u00a0<\/span> \u00a0 \u00a0 3 : 4<\/span>\u00a0 (1:2)<\/strong><\/span><\/p>\n<p><span style=\"font-size: 14pt; font-family: trebuchet ms, geneva, sans-serif;\">C.K\u00fchne &#8211; T.Schnabl, T.Rudolph (N.Krumsiek, 76.), Louis Baake, M.Franke (Tom Beuermann, 85.), J.Spyra, Tim Beuermann, T.H\u00fcther (D.Schiller, 85.), W.Wenzel, N.Wenzel, S.Wenzel<\/span><\/p>\n<p><span style=\"font-size: 14pt; font-family: trebuchet ms, geneva, sans-serif;\">0 : 1 (17.),\u00a0 0 : 2 (35.),\u00a0 1 : 2 (40.) S.Wenzel,\u00a0 1 : 3 (47.),\u00a0 2 : 3 (51.) S.Wenzel,\u00a0 3 : 3 (65.) S.Wenzel,\u00a0 3 : 4 (77.)<\/span><\/p>\n<p><span style=\"font-size: 14pt; font-family: trebuchet ms, geneva, sans-serif;\"><em>Bes.V.:\u00a0<\/em>\u00a0 \u00a0 \u00a0 \u00a0 \u00a0 \u00a0 \u00a0 \u00a0 Rote Karte SG (84.)<\/span><\/p>\n<p>\u00a0<\/p>\n<p><span style=\"font-size: 14pt; font-family: trebuchet ms, geneva, sans-serif;\">KREISPOKAL<\/span><br \/><span style=\"font-size: 14pt; font-family: trebuchet ms, geneva, sans-serif;\"><strong>28.09.2025<\/strong><\/span><\/p>\n<p><span style=\"font-size: 14pt; font-family: trebuchet ms, geneva, sans-serif;\"><strong><span style=\"font-size: 18pt;\"><span style=\"color: #008000;\">TSV Jahn Hemeln\u00a0 &#8211;\u00a0 VfL Olympia Duderstadt<\/span>\u00a0 \u00a0 \u00a0 0 : 3<\/span>\u00a0 (0:1)<\/strong><\/span><\/p>\n<p><span style=\"font-size: 14pt; font-family: trebuchet ms, geneva, sans-serif;\">Y.Baake &#8211; V.Schauer, T.Schnabl, Louis Baake, M.Franke, C.K\u00fchne (H.Demircan, 33.), T.Schnabl, Tim Beuermann, D.Schiller, T.H\u00fcther, Tom Beuermann<br \/>(N.Krumsiek, S.Wenzel)<\/span><\/p>\n<p><span style=\"font-size: 14pt; font-family: trebuchet ms, geneva, sans-serif;\">0 : 1 (31.),\u00a0 0 : 2 (60.),\u00a0 0 : 3 (78.)<\/span><\/p>\n<p><span style=\"font-size: 14pt; font-family: trebuchet ms, geneva, sans-serif;\"><em>Bes.V.:\u00a0<\/em>\u00a0 \u00a0 \u00a0 \u00a0 \u00a0 \u00a0 \u00a0 \u00a0 keine!<\/span><\/p>\n<p>\u00a0<\/p>\n<p><span style=\"font-family: 'trebuchet ms', geneva, sans-serif; font-size: 14pt;\">6.SPIELTAG<br \/>05.10.2025<\/span><\/p>\n<p><span style=\"font-family: 'trebuchet ms', geneva, sans-serif; font-size: 18pt;\"><span style=\"color: #008000;\"><strong>SC Hainberg II\u00a0 &#8211;\u00a0 TSV Jahn Hemeln<\/strong><\/span>\u00a0 \u00a0 \u00a0 <strong>1 : 0\u00a0 <span style=\"font-size: 14pt;\">(0:0)<\/span><\/strong><\/span><\/p>\n<p><span style=\"font-family: 'trebuchet ms', geneva, sans-serif; font-size: 14pt;\">Y.Baake &#8211; T.Rudolph, Louis Baake, M.Franke, T.Schnabl, J.Spyra, D.Schiller, T.H\u00fcther, Tim Beuermann, Tom Beuermann (T.K\u00fchne, 16.)<br \/><\/span><span style=\"font-family: 'trebuchet ms', geneva, sans-serif; font-size: 14pt;\">(N.Krumsiek)<\/span><\/p>\n<p><span style=\"font-family: 'trebuchet ms', geneva, sans-serif; font-size: 14pt;\">1 : 0 (90.+5)<\/span><\/p>\n<p><span style=\"font-family: trebuchet ms, geneva, sans-serif; font-size: 14pt;\"><em>Bes.V.:<\/em>\u00a0 \u00a0 \u00a0 \u00a0 \u00a0 \u00a0 \u00a0 \u00a0 \u00a0keine!<\/span><\/p>\n<p>\u00a0<\/p>\n<p><span style=\"font-family: trebuchet ms, geneva, sans-serif; font-size: 14pt;\">7.SPIELTAG<\/span><br \/><span style=\"font-family: trebuchet ms, geneva, sans-serif; font-size: 14pt;\">12.10.2025<\/span><\/p>\n<p><span style=\"font-family: trebuchet ms, geneva, sans-serif; font-size: 14pt;\"><span style=\"font-size: 18pt;\"><span style=\"color: #008000;\"><strong>TSV Jahn Hemeln\u00a0 &#8211;\u00a0 SV Puma G\u00f6ttingen<\/strong>\u00a0<\/span> \u00a0 \u00a0\u00a0<\/span><strong><span style=\"font-size: 18pt;\">3 : 4<\/span>\u00a0 (1:3)<\/strong><\/span><\/p>\n<p><span style=\"font-family: trebuchet ms, geneva, sans-serif; font-size: 14pt;\">Y.Baake \u2013 T.Rudolph (D.Schiller, 74.), Louis Baake, T.Schnabl, T.Dietrich, Tim Beuermann, J.Spyra, W.Wenzel, Tom Beuermann (M.Franke, 30.), N.Wenzel. S.Wenzel<\/span><br \/><span style=\"font-family: trebuchet ms, geneva, sans-serif; font-size: 14pt;\">(H.Demircan)<\/span><\/p>\n<p><span style=\"font-family: trebuchet ms, geneva, sans-serif; font-size: 14pt;\">0 : 1 (6.),\u00a0 1 : 1 (33.) Tim Beuermann,\u00a0 1 : 2 (35.),\u00a0 1 : 3 (41.) ET,\u00a0 1 : 4 (61.) FE,\u00a0 2 : 4 (67.) T.Rudolph,\u00a0 3 : 4 (88.) S.Wenzel<\/span><\/p>\n<p><span style=\"font-family: trebuchet ms, geneva, sans-serif; font-size: 14pt;\"><em>Bes.V.:\u00a0 \u00a0 \u00a0 \u00a0 \u00a0 \u00a0 \u00a0 \u00a0 \u00a0<\/em>keine!<\/span><\/p>\n<p>\u00a0<\/p>\n<p><span style=\"font-family: trebuchet ms, geneva, sans-serif; font-size: 14pt;\">8.SPIELTAG<\/span><br \/><span style=\"font-family: trebuchet ms, geneva, sans-serif; font-size: 14pt;\">19.10.2025<\/span><\/p>\n<p><span style=\"font-family: trebuchet ms, geneva, sans-serif; font-size: 18pt;\"><span style=\"color: #008000;\"><strong>RSV Geismar II\u00a0 &#8211;\u00a0 TSV Jahn Hemeln<\/strong>\u00a0<\/span> \u00a0 \u00a0\u00a0<strong>5 : 0\u00a0 <span style=\"font-size: 14pt;\">(2:0)<\/span><\/strong><\/span><\/p>\n<p><span style=\"font-family: trebuchet ms, geneva, sans-serif; font-size: 14pt;\">Y.Baake \u2013 T.Rudolph, W.Gscheidle, T.Wallbach (G.Fatuzzo, 58.), M.Franke, T.Dietrich, J.Spyra, D.Schiller, Tim Beuermann, W.Wenzel, T.K\u00fchne (N.Br\u00fcller, 60.)<\/span><\/p>\n<p><span style=\"font-family: trebuchet ms, geneva, sans-serif; font-size: 14pt;\">1 : 0 (16.),\u00a0 2 : 0 (28.),\u00a0 3 : 0 (65.),\u00a0 4 : 0 (73.) ET,\u00a0 5 : 0 (79.)<\/span><\/p>\n<p><span style=\"font-family: trebuchet ms, geneva, sans-serif; font-size: 14pt;\"><em>Bes.V.:\u00a0 \u00a0 \u00a0 \u00a0 \u00a0 \u00a0 \u00a0 \u00a0 \u00a0<\/em>keine!<\/span><\/p>\n<p>\u00a0<\/p>\n<p><span style=\"font-size: 14pt; font-family: trebuchet ms, geneva, sans-serif;\">9.SPIELTAG<\/span><br \/><span style=\"font-size: 14pt; font-family: trebuchet ms, geneva, sans-serif;\">09.11.2025<\/span><\/p>\n<p><span style=\"font-family: trebuchet ms, geneva, sans-serif; font-size: 14pt;\"><span style=\"font-size: 18pt;\"><span style=\"color: #008000;\"><strong>SG Hoher Hagen\u00a0 &#8211;\u00a0 TSV Jahn Hemeln<\/strong><\/span>\u00a0 \u00a0 \u00a0 <\/span><strong><span style=\"font-size: 18pt;\">9 : 4<\/span>\u00a0 (5:1)<\/strong><\/span><\/p>\n<p><span style=\"font-size: 14pt; font-family: trebuchet ms, geneva, sans-serif;\">Y.Baake \u2013 T.Rudolph (D.Schiller, 41.), Louis Baake, M.Franke, Leon Baake, J.Spyra, T.Dietrich, W.Wenzel, Tim Beuermann, Tom Beuermann, S.Wenzel<\/span><\/p>\n<p><span style=\"font-family: trebuchet ms, geneva, sans-serif; font-size: 14pt;\">1 : 0 (1.),\u00a0 2 : 0 (4.),\u00a0 3 : 0 (7.),\u00a0 4 : 0 (20.),\u00a0 5 : 0 (22.),\u00a0 5 : 1 (37.) Tim Beuermann,\u00a0 6 : 1 (47.),\u00a0 6 : 2 (51.) S.Wenzel,\u00a0 7 : 2 (57.) FE,\u00a0 7 : 3 (71.) S.Wenzel,\u00a0 8 : 3 (73.),\u00a0 9 : 3 (75.),\u00a0 9 : 4 (78.) Tim Beuermann, FE\u00a0<\/span><\/p>\n<p><span style=\"font-family: trebuchet ms, geneva, sans-serif; font-size: 14pt;\"><em>Bes.V.:\u00a0 \u00a0 \u00a0 \u00a0 \u00a0 \u00a0 \u00a0 \u00a0 \u00a0<\/em>SG verschie\u00dft FE (33.)<\/span><\/p>\n<p>\u00a0<\/p>\n<p><span style=\"font-family: 'trebuchet ms', geneva, sans-serif; font-size: 14pt;\">TESTSPIEL<br \/>14.02.2026<\/span><\/p>\n<p><span style=\"font-family: 'trebuchet ms', geneva, sans-serif; font-size: 18pt; color: #008000;\"><strong>SG Gimte II\u00a0 &#8211;\u00a0 TSV Jahn Hemeln\u00a0 \u00a0 \u00a0\u00a0<span style=\"color: #ffffff;\">2 : 3\u00a0 (1:2)<\/span><\/strong><\/span><\/p>\n<p><span style=\"font-family: 'trebuchet ms', geneva, sans-serif;\"><span style=\"font-size: 14pt;\">C.Stolle &#8211; N.Krumsiek, Leon Baake, T.Dietrich, T.H\u00fcther, Louis Baake, J.Neumann, Tom Beuermann (J.Deutsch, 46.), J.Spyra, Tim Beuermann, N.Wenzel (T.Schnabl, 46.)<\/span><\/span><\/p>\n<p><span style=\"font-family: 'trebuchet ms', geneva, sans-serif; font-size: 14pt;\">0 : 1 (9.) N.Wenzel,\u00a0 1 : 1 (12.),\u00a0 1 : 2 (37.) N.Wenzel,\u00a0 2 : 2 (57.),\u00a0 2 : 3 (84.) T.Schnabl<\/span><\/p>\n<p><em><span style=\"font-family: 'trebuchet ms', geneva, sans-serif; font-size: 14pt;\">Bes.V.:\u00a0 \u00a0 \u00a0 \u00a0 \u00a0 \u00a0 \u00a0 \u00a0<\/span><\/em><span style=\"font-family: 'trebuchet ms', geneva, sans-serif; font-size: 14pt;\">C.Stolle h\u00e4lt FE\u00a0 (39.)<\/span><\/p>\n<p>\u00a0<\/p>\n<p><span style=\"font-family: 'trebuchet ms', geneva, sans-serif; font-size: 14pt;\">TESTSPIEL<br \/>22.02.2026<\/span><\/p>\n<p><span style=\"font-family: 'trebuchet ms', geneva, sans-serif; font-size: 18pt;\"><strong><span style=\"color: #008000;\">SG Hoher Hagen II\u00a0 &#8211;\u00a0 TSV Jahn Hemeln \u00a0 \u00a0 \u00a0<\/span><\/strong><span style=\"font-size: 14pt;\"><strong><span style=\"font-size: 18pt;\">3 : 9\u00a0\u00a0<span style=\"font-size: 14pt;\">(1:4)<\/span><\/span><\/strong><\/span><\/span><\/p>\n<p><span style=\"font-family: 'trebuchet ms', geneva, sans-serif; font-size: 14pt;\">C.Stolle &#8211; K.Mangels, N.Krumsiek (T.K\u00fchne, 46.), M.Franke, Louis Baake, D.Schiller, J.Spyra, J.Neumann, T.Schnabl, T.H\u00fcther, S.Wenzel<\/span><\/p>\n<p><span style=\"font-family: 'trebuchet ms', geneva, sans-serif; font-size: 14pt;\">1 : 0 (9.),\u00a0 1 : 1 (13.) S.Wenzel,\u00a0 1 : 2 (28.) J.Spyra,\u00a0 1 : 3 (30.) S.Wenzel,\u00a0 1 : 4 (39.) S.Wenzel,\u00a0 1 : 5 (49.) S.Wenzel,\u00a0 2 : 5 (55.),\u00a0 2 : 6 (70.) S.Wenzel,\u00a0 2 : 7 (75.) S.Wenzel,\u00a0 2 : 8 (77.) S.Wenzel,\u00a0 2 : 9 (84.) T.K\u00fchne,\u00a0 3 : 9 (86.)<\/span><\/p>\n<p><em><span style=\"font-family: 'trebuchet ms', geneva, sans-serif; font-size: 14pt;\">Bes.V.:\u00a0 \u00a0 \u00a0 \u00a0\u00a0 \u00a0 \u00a0 \u00a0\u00a0<\/span><\/em><span style=\"font-family: 'trebuchet ms', geneva, sans-serif; font-size: 14pt;\">keine!<\/span><\/p>\n<p>\u00a0<\/p>\n<p><span style=\"font-family: 'trebuchet ms', geneva, sans-serif;\"><span style=\"font-size: 14pt;\">10.SPIELTAG<\/span><br \/><\/span><span style=\"font-family: 'trebuchet ms', geneva, sans-serif;\"><span style=\"font-size: 14pt;\">08.03.2026<\/span><\/span><\/p>\n<p><span style=\"font-family: 'trebuchet ms', geneva, sans-serif; font-size: 18pt;\"><strong><span style=\"color: #008000;\">SVG G\u00f6ttingen U23\u00a0 &#8211;\u00a0 TSV Jahn Hemeln\u00a0 \u00a0 \u00a0 <\/span>2 : 1\u00a0\u00a0<span style=\"font-size: 14pt;\">(2:0)<\/span><\/strong><\/span><\/p>\n<p><span style=\"font-family: 'trebuchet ms', geneva, sans-serif; font-size: 14pt;\">C.Stolle &#8211; T.Schnabl, Leon Baake, T.Dietrich, J.Spyra, D.Schiller (H.Demircan, 85.), W.Wenzel, Louis Baake, T.H\u00fcther (N.Krumsiek, 80.), Tim Beuermann, S.Wenzel<br \/><\/span><\/p>\n<p><span style=\"font-family: 'trebuchet ms', geneva, sans-serif; font-size: 14pt;\">1 : 0 (2.),\u00a0 2 : 0 (20.),\u00a0 2 : 1 (66.) S.Wenzel<\/span><\/p>\n<p><em><span style=\"font-family: 'trebuchet ms', geneva, sans-serif; font-size: 14pt;\">Bes.V.:\u00a0 \u00a0 \u00a0 \u00a0 \u00a0 \u00a0 \u00a0 \u00a0<\/span><\/em><span style=\"font-family: 'trebuchet ms', geneva, sans-serif; font-size: 14pt;\">keine!<\/span><\/p>\n<p>\u00a0<\/p>\n<p><span style=\"font-family: 'trebuchet ms', geneva, sans-serif; font-size: 14pt;\">11.SPIELTAG<br \/><span style=\"font-family: 'trebuchet ms', geneva, sans-serif; font-size: 14pt;\">22.03.2026<\/span><\/span><\/p>\n<p><strong><span style=\"font-family: 'trebuchet ms', geneva, sans-serif; font-size: 18pt;\"><span style=\"color: #008000;\">FC Lindenberg-Adelebsen\u00a0 &#8211;\u00a0 TSV Jahn Hemeln\u00a0 \u00a0 \u00a0 <\/span>0 : 3\u00a0 <span style=\"font-size: 14pt;\">(0:1)<\/span><\/span><\/strong><\/p>\n<p><span style=\"font-family: 'trebuchet ms', geneva, sans-serif; font-size: 14pt;\">C.Stolle &#8211; T.Schnabl, M.Franke, N.Krumsiek, T.Dietrich, J.Spyra, W.Wenzel, Louis Baake, Tim Beuermann, N.Wenzel, S.Wenzel<br \/><span style=\"font-family: 'trebuchet ms', geneva, sans-serif; font-size: 14pt;\">(T.H\u00fcther)<\/span><\/span><\/p>\n<p><span style=\"font-family: 'trebuchet ms', geneva, sans-serif; font-size: 14pt;\">0 : 1 (31.) W.Wenzel,\u00a0 0 : 2 (62.) N.Wenzel, FE,\u00a0 0 : 3 (73.) Tim Beuermann<\/span><\/p>\n<p><em><span style=\"font-family: 'trebuchet ms', geneva, sans-serif; font-size: 14pt;\">Bes.V.:\u00a0 \u00a0 \u00a0 \u00a0 \u00a0 \u00a0 \u00a0 \u00a0<\/span><\/em><span style=\"font-family: 'trebuchet ms', geneva, sans-serif; font-size: 14pt;\">keine!<\/span><\/p>\n<p>\u00a0<\/p>\n<p><span style=\"font-family: trebuchet ms, geneva, sans-serif; font-size: 14pt;\">12.SPIELTAG<\/span><br \/><span style=\"font-family: trebuchet ms, geneva, sans-serif; font-size: 14pt;\">29.03.2026<\/span><\/p>\n<p><span style=\"font-family: trebuchet ms, geneva, sans-serif; font-size: 14pt;\"><strong><span style=\"font-size: 18pt;\"><span style=\"color: #008000;\">TSV Jahn Hemeln\u00a0 &#8211;\u00a0 SC Weende II\u00a0<\/span> \u00a0 \u00a0 1 : 2\u00a0<\/span> (1:0)<\/strong><\/span><\/p>\n<p><span style=\"font-family: trebuchet ms, geneva, sans-serif; font-size: 14pt;\">C.Stolle &#8211; T.Schnabl, N.Krumsiek, T.H\u00fcther (M.Franke, 18.), T.Dietrich, Leon Baake, W.Wenzel (Tom Beuermann, 87.), Louis Baake, Tim Beuermann, N.Wenzel, S.Wenzel<\/span><\/p>\n<p><span style=\"font-family: trebuchet ms, geneva, sans-serif; font-size: 14pt;\">1 : 0 (31.) N.Wenzel,\u00a0 1 : 1 (67.),\u00a0 1 : 2 (90.+3)<\/span><\/p>\n<p><span style=\"font-family: trebuchet ms, geneva, sans-serif; font-size: 14pt;\"><em>Bes.V.:\u00a0 \u00a0 \u00a0 \u00a0 \u00a0 \u00a0 \u00a0 \u00a0<\/em>keine!<\/span><\/p>\n<p>\u00a0<\/p>\n<p><span style=\"font-family: trebuchet ms, geneva, sans-serif; font-size: 14pt;\">13.SPIELTAG<\/span><br \/><span style=\"font-family: trebuchet ms, geneva, sans-serif; font-size: 14pt;\">17.04.2026<\/span><\/p>\n<p><span style=\"font-family: trebuchet ms, geneva, sans-serif;\"><strong><span style=\"font-size: 18pt;\"><span style=\"color: #008000;\">SG Werratal II\u00a0 &#8211;\u00a0 TSV Jahn Hemeln<\/span>\u00a0 \u00a0 \u00a0 2 : 3<\/span>\u00a0 <span style=\"font-size: 14pt;\">(1:2)<\/span><\/strong><\/span><\/p>\n<p><span style=\"font-size: 14pt; font-family: trebuchet ms, geneva, sans-serif;\">C.Stolle &#8211; T.Schnabl, N.Krumsiek, M.Franke, T.Dietrich, Leon Baake, W.Wenzel (D.Schiller, 51.), Louis Baake, Tim Beuermann, N.Wenzel, S.Wenzel (T.H\u00fcther, 91.)<\/span><\/p>\n<p><span style=\"font-family: trebuchet ms, geneva, sans-serif; font-size: 14pt;\">1 : 0 (34.) S.Wenzel,\u00a0 1 : 1 (37.),\u00a0 1 : 2 (41.) N.Wenzel,\u00a0 1 : 3 (79.) N.Wenzel,\u00a0 2 : 3 (85.) ET<\/span><\/p>\n<p><span style=\"font-family: trebuchet ms, geneva, sans-serif; font-size: 14pt;\"><em>Bes.V.:\u00a0 \u00a0 \u00a0 \u00a0 \u00a0 \u00a0 \u00a0 \u00a0<\/em>Rote Karte SG\u00a0 (87.)<\/span><\/p>\n<p>\u00a0<\/p>\n<p><strong>\u00a0<\/strong><\/p>\n<p><span style=\"font-family: trebuchet ms, geneva, sans-serif; font-size: 14pt;\">\u00a0<\/span><\/p>\n<p>\u00a0<\/p>\n<div class=\"mceItemVisualAid mceItemLayer\" style=\"position: absolute; left: 532.5px; top: 565.297px; width: 100px; height: 100px;\">{#layer.content}<\/div>\n\n\n<p><\/p>\n","protected":false},"excerpt":{"rendered":"<p>TESTSPIEL:22.07.2025 FC Hebenshausen\u00a0 &#8211;\u00a0 TSV Jahn Hemeln \u00a0 \u00a0 \u00a02 : 3\u00a0 (1:0) C.Stolle &#8211; Leon Baake, T.Rudolph (T.Wallbach, 46.), H.Brossok, (T.Rudolph, 60.), N.Krumsiek (C.K\u00fchne, 61.), N.Br\u00fcller, J.Neumann, D.Schiller, J.Spyra, Tim Beuermann, T.H\u00fcther 1 : 0 (44.),\u00a0 2 : 0 (55.),\u00a0 2 : 1 (70.) T.H\u00fcther,\u00a0 2 : 2 (83.) T.Beuermann, FE,\u00a0 2 : 3 [&hellip;]<\/p>\n","protected":false},"author":1,"featured_media":0,"parent":0,"menu_order":0,"comment_status":"closed","ping_status":"closed","template":"","meta":[],"_links":{"self":[{"href":"https:\/\/tsv-jahn-hemeln.de\/index.php?rest_route=\/wp\/v2\/pages\/340"}],"collection":[{"href":"https:\/\/tsv-jahn-hemeln.de\/index.php?rest_route=\/wp\/v2\/pages"}],"about":[{"href":"https:\/\/tsv-jahn-hemeln.de\/index.php?rest_route=\/wp\/v2\/types\/page"}],"author":[{"embeddable":true,"href":"https:\/\/tsv-jahn-hemeln.de\/index.php?rest_route=\/wp\/v2\/users\/1"}],"replies":[{"embeddable":true,"href":"https:\/\/tsv-jahn-hemeln.de\/index.php?rest_route=%2Fwp%2Fv2%2Fcomments&post=340"}],"version-history":[{"count":371,"href":"https:\/\/tsv-jahn-hemeln.de\/index.php?rest_route=\/wp\/v2\/pages\/340\/revisions"}],"predecessor-version":[{"id":3892,"href":"https:\/\/tsv-jahn-hemeln.de\/index.php?rest_route=\/wp\/v2\/pages\/340\/revisions\/3892"}],"wp:attachment":[{"href":"https:\/\/tsv-jahn-hemeln.de\/index.php?rest_route=%2Fwp%2Fv2%2Fmedia&parent=340"}],"curies":[{"name":"wp","href":"https:\/\/api.w.org\/{rel}","templated":true}]}}