{"id":236,"date":"2013-07-06T12:55:39","date_gmt":"2013-07-06T10:55:39","guid":{"rendered":"http:\/\/hemeln.square7.ch\/?page_id=236"},"modified":"2021-11-25T14:40:11","modified_gmt":"2021-11-25T12:40:11","slug":"aktuelles","status":"publish","type":"page","link":"https:\/\/tsv-jahn-hemeln.de\/?page_id=236","title":{"rendered":"Aktuelles"},"content":{"rendered":"<p><em><strong><span style=\"font-size: 18pt; color: #008000;\">Neues Vereinsheim f\u00fcr den TSV Jahn Hemeln<\/span><\/strong><\/em><br \/>\n<span style=\"font-size: 14pt;\">Hier war Eile geboten!<\/span><\/p>\n<hr \/>\n<p><span style=\"font-size: 14pt; font-family: 'trebuchet ms', geneva, sans-serif;\">Bedauern und Unverst\u00e4ndnis herrschte bei Hemelns B\u00fcrgern Ende Februar, als die VR-Bank bekannt gab, dass die Filiale an der Hauptstra\u00dfe in Hemeln am 1.April geschlossen wird. Sehr schnell nachdem diese Information auch den Vorstand des TSV erreichte, entsprang die Idee, das dann leer stehende Geb\u00e4ude zu mieten oder gar zu kaufen, um dort den schon lange gehegten Wunsch nach einem Vereinsheim zu realisieren. Eile war nun nat\u00fcrlich geboten und der TSV war mit seiner im Vorstand einstimmig beschlossenen Interessenbekundung nachweislich der erste und zun\u00e4chst einzige Bewerber auf den Kauf des Geb\u00e4udes. Das sich in den folgenden Wochen noch weitere unbekannte Interessenten um die bald schlie\u00dfende Filiale bewarben, deren Kreis sich dann aber nach und nach wieder ausd\u00fcnnte, war klar. Anfang Mai, wurde dem TSV \u00fcberraschend der durch den VR-Bank Vorstand beschlossene Zuschlag f\u00fcr den Kauf telefonisch mitgeteilt und die Freude war nat\u00fcrlich gro\u00df. Schon seit zwei Jahren war man beim TSV bem\u00fcht, das Vereinsverm\u00f6gen zu minimieren bzw. f\u00fcr den Verein und seine Mitglieder sinnvoll anzulegen, da durch das Finanzamt die Gemeinn\u00fctzigkeit des Vereins zu verlieren drohte. Viele \u00dcberlegungen entpuppten sich jedoch als St\u00fcckwerk oder schlicht nicht realisierbar. Das nun das Problem auf diese Art gel\u00f6st wurde, erwies sich als Gl\u00fccksfall. F\u00fcr den TSV Jahn Hemeln stellt sich das f\u00fcr ihn neue Geb\u00e4ude als Betongold, also eine Wertanlage dar, die zu jeder Zeit und im Notfall mit Sicherheit \u00fcber den gezahlten Preis auch wieder zu ver\u00e4u\u00dfern w\u00e4re. Inzwischen hatte der gesch\u00e4ftsf\u00fchrende Vorstand um die 1.Vorsitzende Monika Gronemann eine Sitzung mit dem erweiterten Vorstand (Sparten-leiter, Trainer, \u00dcbungsleiter) einberufen und sich nach reger Diskussion das ebenfalls einstimmige Okay f\u00fcr den Erwerb des Geb\u00e4udes eingeholt. Einer Mitgliederversammlung f\u00fcr eine solche Entscheidung bedarf es laut Vereinssatzung \u00fcbrigens nicht. Vom Kreisportbund erhielten wir vom 1.Vorsitzeden Klaus Dre\u00dfler direkt Gl\u00fcckw\u00fcnsche zu dieser Entscheidung, da es heutzutage oft schwierig ist eine solche Immobilie f\u00fcr den Verein zu erhalten. Aktuell laufen noch vertragsrechtliche Modalit\u00e4ten, aber sobald nach Renovierungs- und Umgestaltungsma\u00dfnahmen das Innengeb\u00e4ude nutzbar ist, soll es den Vereinssparten aber auch anderen Vereinen, Verb\u00e4nden und Gruppierungen aus Hemeln zur Nutzung bereit stehen.<\/span><\/p>\n<p><a href=\"http:\/\/www.tsv-jahn-hemeln.de\/wp-content\/uploads\/2021\/11\/bearbeitet-scaled.jpg\"><img decoding=\"async\" loading=\"lazy\" class=\"alignnone  wp-image-2793\" src=\"http:\/\/www.tsv-jahn-hemeln.de\/wp-content\/uploads\/2021\/11\/bearbeitet-300x265.jpg\" alt=\"\" width=\"458\" height=\"405\" srcset=\"https:\/\/tsv-jahn-hemeln.de\/wp-content\/uploads\/2021\/11\/bearbeitet-300x265.jpg 300w, https:\/\/tsv-jahn-hemeln.de\/wp-content\/uploads\/2021\/11\/bearbeitet-1024x905.jpg 1024w, https:\/\/tsv-jahn-hemeln.de\/wp-content\/uploads\/2021\/11\/bearbeitet-768x679.jpg 768w, https:\/\/tsv-jahn-hemeln.de\/wp-content\/uploads\/2021\/11\/bearbeitet-1536x1357.jpg 1536w, https:\/\/tsv-jahn-hemeln.de\/wp-content\/uploads\/2021\/11\/bearbeitet-2048x1810.jpg 2048w\" sizes=\"(max-width: 458px) 100vw, 458px\" \/><\/a><\/p>\n<p>Das neue Vereinsheim vor der Renovierung im Juli 2021<\/p>\n","protected":false},"excerpt":{"rendered":"<p>Neues Vereinsheim f\u00fcr den TSV Jahn Hemeln Hier war Eile geboten! Bedauern und Unverst\u00e4ndnis herrschte bei Hemelns B\u00fcrgern Ende Februar, als die VR-Bank bekannt gab, dass die Filiale an der Hauptstra\u00dfe in Hemeln am 1.April geschlossen wird. Sehr schnell nachdem diese Information auch den Vorstand des TSV erreichte, entsprang die Idee, das dann leer stehende [&hellip;]<\/p>\n","protected":false},"author":1,"featured_media":0,"parent":0,"menu_order":0,"comment_status":"closed","ping_status":"closed","template":"","meta":[],"_links":{"self":[{"href":"https:\/\/tsv-jahn-hemeln.de\/index.php?rest_route=\/wp\/v2\/pages\/236"}],"collection":[{"href":"https:\/\/tsv-jahn-hemeln.de\/index.php?rest_route=\/wp\/v2\/pages"}],"about":[{"href":"https:\/\/tsv-jahn-hemeln.de\/index.php?rest_route=\/wp\/v2\/types\/page"}],"author":[{"embeddable":true,"href":"https:\/\/tsv-jahn-hemeln.de\/index.php?rest_route=\/wp\/v2\/users\/1"}],"replies":[{"embeddable":true,"href":"https:\/\/tsv-jahn-hemeln.de\/index.php?rest_route=%2Fwp%2Fv2%2Fcomments&post=236"}],"version-history":[{"count":7,"href":"https:\/\/tsv-jahn-hemeln.de\/index.php?rest_route=\/wp\/v2\/pages\/236\/revisions"}],"predecessor-version":[{"id":2794,"href":"https:\/\/tsv-jahn-hemeln.de\/index.php?rest_route=\/wp\/v2\/pages\/236\/revisions\/2794"}],"wp:attachment":[{"href":"https:\/\/tsv-jahn-hemeln.de\/index.php?rest_route=%2Fwp%2Fv2%2Fmedia&parent=236"}],"curies":[{"name":"wp","href":"https:\/\/api.w.org\/{rel}","templated":true}]}}